{"id":76,"date":"2020-04-08T18:19:47","date_gmt":"2020-04-08T16:19:47","guid":{"rendered":"http:\/\/www.adaf04.fr\/?page_id=76"},"modified":"2026-01-13T09:52:33","modified_gmt":"2026-01-13T08:52:33","slug":"accueil","status":"publish","type":"page","link":"https:\/\/www.adaf04.fr\/index.php\/accueil\/","title":{"rendered":"Qui sommes-nous ?"},"content":{"rendered":"\t\t<div data-elementor-type=\"wp-page\" data-elementor-id=\"76\" class=\"elementor elementor-76\" data-elementor-settings=\"[]\">\n\t\t\t\t\t\t<div class=\"elementor-inner\">\n\t\t\t\t\t\t\t<div class=\"elementor-section-wrap\">\n\t\t\t\t\t\t\t<section class=\"elementor-section elementor-top-section elementor-element elementor-element-7e623f8e elementor-section-boxed elementor-section-height-default elementor-section-height-default\" data-id=\"7e623f8e\" data-element_type=\"section\">\n\t\t\t\t\t\t<div class=\"elementor-container elementor-column-gap-default\">\n\t\t\t\t\t\t\t<div class=\"elementor-row\">\n\t\t\t\t\t<div class=\"elementor-column elementor-col-100 elementor-top-column elementor-element elementor-element-fa8abfa\" data-id=\"fa8abfa\" data-element_type=\"column\">\n\t\t\t<div class=\"elementor-column-wrap elementor-element-populated\">\n\t\t\t\t\t\t\t<div class=\"elementor-widget-wrap\">\n\t\t\t\t\t\t<div class=\"elementor-element elementor-element-5f9fc63c elementor-widget elementor-widget-text-editor\" data-id=\"5f9fc63c\" data-element_type=\"widget\" data-widget_type=\"text-editor.default\">\n\t\t\t\t<div class=\"elementor-widget-container\">\n\t\t\t\t\t\t\t\t<div class=\"elementor-text-editor elementor-clearfix\">\n\t\t\t\t<p><!-- wp:image {\"align\":\"center\",\"id\":182,\"width\":387,\"height\":257,\"sizeSlug\":\"large\",\"className\":\"is-style-default\"} --><\/p>\n<h3>ALPES DURANCE ATELIERS FORMATIONS est un <strong>organisme de formation<\/strong> situ\u00e9 dans les Alpes de Haute Provence. Il est n\u00e9 de la volont\u00e9 de rendre plus accessible la formation sur notre territoire.<br \/>Nous sommes sp\u00e9cialis\u00e9s dans le <strong>domaine de la sant\u00e9 (sant\u00e9 mentale, sant\u00e9 au travail)<\/strong>.<br \/>Nos formations s&rsquo;adressent aux <strong>structures m\u00e9dicales, m\u00e9dico-sociales,\u00a0 aux entreprises et aux particuliers<\/strong>.<br \/>Nous souhaitons proposer des formations accessibles et sur-mesure. Pour cela nous travaillons en collaboration directe avec nos clients afin de construire un projet qui leur ressemble et qui correspond \u00e0 leurs besoins.<br \/>Dans l&rsquo;onglet\u00a0 <span style=\"color: #3366ff;\"><a style=\"color: #3366ff;\" href=\"https:\/\/www.adaf04.fr\/index.php\/http-www-adaf04-fr-index-php-domaine-entreprise\/\">\u201cnos formations\u201d<\/a><\/span>, vous trouverez quelques unes de nos th\u00e9matiques.<\/h3>\n<h3>Concernant les possibilit\u00e9s de financement, vous pouvez vous rendre sur la page d\u00e9di\u00e9e.\u00a0<\/h3>\n<h3>Nous mettons souvent \u00e0 jour nos <strong>formations<\/strong>, alors, pensez \u00e0 nous rendre visite r\u00e9guli\u00e8rement et abonnez-vous \u00e0 nos pages sur les r\u00e9seaux <span style=\"color: #3366ff;\"><a style=\"color: #3366ff;\" href=\"https:\/\/www.linkedin.com\/company\/alpes-durance-ateliers-formations\">linkedIn<\/a>, <a href=\"https:\/\/www.instagram.com\/a.d.a.f.04\/\">Instagram<\/a>, <a href=\"https:\/\/www.facebook.com\/profile.php?id=61573422762093\">Facebook<\/a><\/span><\/h3>\n<p>\u00a0<\/p>\n<h2>Bonne visite !<\/h2>\n<h4><i>Emmanuelle ARNOUX, dirigeante<\/i><\/h4>\n<p><!-- \/wp:paragraph --><\/p>\n<p><!-- wp:paragraph --><\/p>\n<p><!-- \/wp:paragraph --><\/p>\n<p><!-- wp:paragraph --><\/p>\n<p><!-- \/wp:paragraph --><\/p>\n<p><!-- wp:paragraph --><\/p>\n<p><!-- \/wp:paragraph --><\/p>\n<p><!-- wp:paragraph --><\/p>\n<p><!-- \/wp:paragraph --><\/p>\n<p><!-- wp:separator --><\/p>\n<p>\u00a0<\/p>\n<p><!-- \/wp:paragraph --><\/p>\t\t\t\t\t<\/div>\n\t\t\t\t\t\t<\/div>\n\t\t\t\t<\/div>\n\t\t\t\t\t\t<\/div>\n\t\t\t\t\t<\/div>\n\t\t<\/div>\n\t\t\t\t\t\t\t\t<\/div>\n\t\t\t\t\t<\/div>\n\t\t<\/section>\n\t\t\t\t<section class=\"elementor-section elementor-top-section elementor-element elementor-element-df8a332 elementor-section-boxed elementor-section-height-default elementor-section-height-default\" data-id=\"df8a332\" data-element_type=\"section\">\n\t\t\t\t\t\t<div class=\"elementor-container elementor-column-gap-default\">\n\t\t\t\t\t\t\t<div class=\"elementor-row\">\n\t\t\t\t\t<div class=\"elementor-column elementor-col-100 elementor-top-column elementor-element elementor-element-8308d23\" data-id=\"8308d23\" data-element_type=\"column\">\n\t\t\t<div class=\"elementor-column-wrap elementor-element-populated\">\n\t\t\t\t\t\t\t<div class=\"elementor-widget-wrap\">\n\t\t\t\t\t\t<div class=\"elementor-element elementor-element-30381ab elementor-widget elementor-widget-image\" data-id=\"30381ab\" data-element_type=\"widget\" data-widget_type=\"image.default\">\n\t\t\t\t<div class=\"elementor-widget-container\">\n\t\t\t\t\t\t\t\t<div class=\"elementor-image\">\n\t\t\t\t\t\t\t\t\t<figure class=\"wp-caption\">\n\t\t\t\t\t\t\t\t\t\t\t<a href=\"https:\/\/www.adaf04.fr\/wp-content\/uploads\/2024\/06\/23FOR01688.1-Certificat-de-Conformite.pdf\">\n\t\t\t\t\t\t\t<img width=\"450\" height=\"206\" src=\"https:\/\/www.adaf04.fr\/wp-content\/uploads\/2021\/07\/Logo-OF-new2.png\" class=\"attachment-full size-full\" alt=\"logo qualiopi\" loading=\"lazy\" srcset=\"https:\/\/www.adaf04.fr\/wp-content\/uploads\/2021\/07\/Logo-OF-new2.png 450w, https:\/\/www.adaf04.fr\/wp-content\/uploads\/2021\/07\/Logo-OF-new2-300x137.png 300w\" sizes=\"(max-width: 450px) 100vw, 450px\" \/>\t\t\t\t\t\t\t\t<\/a>\n\t\t\t\t\t\t\t\t\t\t\t<figcaption class=\"widget-image-caption wp-caption-text\">Cliquer pour ouvrir  le certificat <\/figcaption>\n\t\t\t\t\t\t\t\t\t\t<\/figure>\n\t\t\t\t\t\t\t\t<\/div>\n\t\t\t\t\t\t<\/div>\n\t\t\t\t<\/div>\n\t\t\t\t\t\t<\/div>\n\t\t\t\t\t<\/div>\n\t\t<\/div>\n\t\t\t\t\t\t\t\t<\/div>\n\t\t\t\t\t<\/div>\n\t\t<\/section>\n\t\t\t\t\t\t<\/div>\n\t\t\t\t\t\t<\/div>\n\t\t\t\t\t<\/div>\n\t\t","protected":false},"excerpt":{"rendered":"<p>Cliquer pour ouvrir le certificat<\/p>\n","protected":false},"author":1,"featured_media":0,"parent":0,"menu_order":0,"comment_status":"closed","ping_status":"closed","template":"","meta":[],"_links":{"self":[{"href":"https:\/\/www.adaf04.fr\/index.php\/wp-json\/wp\/v2\/pages\/76"}],"collection":[{"href":"https:\/\/www.adaf04.fr\/index.php\/wp-json\/wp\/v2\/pages"}],"about":[{"href":"https:\/\/www.adaf04.fr\/index.php\/wp-json\/wp\/v2\/types\/page"}],"author":[{"embeddable":true,"href":"https:\/\/www.adaf04.fr\/index.php\/wp-json\/wp\/v2\/users\/1"}],"replies":[{"embeddable":true,"href":"https:\/\/www.adaf04.fr\/index.php\/wp-json\/wp\/v2\/comments?post=76"}],"version-history":[{"count":90,"href":"https:\/\/www.adaf04.fr\/index.php\/wp-json\/wp\/v2\/pages\/76\/revisions"}],"predecessor-version":[{"id":2056,"href":"https:\/\/www.adaf04.fr\/index.php\/wp-json\/wp\/v2\/pages\/76\/revisions\/2056"}],"wp:attachment":[{"href":"https:\/\/www.adaf04.fr\/index.php\/wp-json\/wp\/v2\/media?parent=76"}],"curies":[{"name":"wp","href":"https:\/\/api.w.org\/{rel}","templated":true}]}}